{"id":6490,"date":"2026-03-02T17:16:23","date_gmt":"2026-03-02T16:16:23","guid":{"rendered":"https:\/\/www.hotelsoleriva.it\/?page_id=6490"},"modified":"2026-03-03T08:58:27","modified_gmt":"2026-03-03T07:58:27","slug":"hotel-sole-riva-restaurant","status":"publish","type":"page","link":"https:\/\/www.hotelsoleriva.it\/de\/hotel-sole-riva-restaurant\/","title":{"rendered":"Hotel Sole Riva Restaurant"},"content":{"rendered":"<div  class=\"grids-section grids-is-advanced alignfull\" style=\"--_gs-gap-desktop:0px 0px;--_gs-m-desktop:0 0 0 0;--_gs-p-desktop:100px 0 100px 0;--_gs-bg-desktop:transparent url(https:\/\/www.hotelsoleriva.it\/wp-content\/uploads\/2026\/02\/Pranzo-panoramico-sul-Lago-di-Garda.webp) no-repeat 50% 50%  \/ cover;--_gs-bg-xp-desktop:0px;--_gs-zi-desktop:auto;--_gs-d-desktop:block;--_gs-mw-desktop:calc(100% - 0 - 0);--_gs-gap-tablet:0px 0px;--_gs-m-tablet:0 0 0 0;--_gs-p-tablet:100px 0 100px 0;--_gs-bg-tablet:transparent url(https:\/\/www.hotelsoleriva.it\/wp-content\/uploads\/2026\/02\/Pranzo-panoramico-sul-Lago-di-Garda.webp) no-repeat 50% 50%  \/ cover;--_gs-bg-xp-tablet:0px;--_gs-zi-tablet:auto;--_gs-d-tablet:block;--_gs-mw-tablet:calc(100% - 0 - 0);--_gs-gap-mobile:0px 0px;--_gs-m-mobile:0 0 0 0;--_gs-p-mobile:100px 0 100px 0;--_gs-bg-mobile:transparent url(https:\/\/www.hotelsoleriva.it\/wp-content\/uploads\/2026\/02\/Pranzo-panoramico-sul-Lago-di-Garda.webp) no-repeat 50% 50%  \/ cover;--_gs-bg-xp-mobile:0px;--_gs-zi-mobile:auto;--_gs-d-mobile:block;--_gs-mw-mobile:calc(100% - 0 - 0);--_gs-columns:12;--_gs-rows:6\"><div class=\"grids-s-w_i\">\n<div class=\"grids-area\" style=\"--_ga-column:7\/12;--_ga-row:2\/3;--_ga-va:center;--_ga-m-desktop:0 0 0 0;--_ga-p-desktop:40px 40px 40px 40px;--_ga-bg-desktop:#ffffff none;--_ga-zi-desktop:auto;--_ga-d-desktop:flex;--_ga-mw-desktop:calc(100% - 0 - 0);--_ga-m-tablet:0 0 0 0;--_ga-p-tablet:40px 40px 40px 40px;--_ga-bg-tablet:#ffffff none;--_ga-zi-tablet:auto;--_ga-d-tablet:flex;--_ga-mw-tablet:calc(100% - 0 - 0);--_ga-m-mobile:0 30px 0 30px;--_ga-p-mobile:12px 12px 12px 12px;--_ga-bg-mobile:#ffffff none;--_ga-zi-mobile:auto;--_ga-d-mobile:flex;--_ga-mw-mobile:calc(100% - 30px - 30px)\">\n<div  class=\"grids-section grids-is-advanced\" style=\"--_gs-gap-desktop:0px 0px;--_gs-m-desktop:0 0 0 0;--_gs-p-desktop:0 0 0 0;--_gs-bg-desktop:transparent none;--_gs-bg-xp-desktop:0px;--_gs-zi-desktop:auto;--_gs-d-desktop:block;--_gs-mw-desktop:calc(100% - 0 - 0);--_gs-gap-tablet:0px 0px;--_gs-m-tablet:0 0 0 0;--_gs-p-tablet:0 0 0 0;--_gs-bg-tablet:transparent none;--_gs-bg-xp-tablet:0px;--_gs-zi-tablet:auto;--_gs-d-tablet:block;--_gs-mw-tablet:calc(100% - 0 - 0);--_gs-gap-mobile:0px 0px;--_gs-m-mobile:0 0 0 0;--_gs-p-mobile:20px 20px 20px 20px;--_gs-bg-mobile:transparent none;--_gs-bg-xp-mobile:0px;--_gs-zi-mobile:auto;--_gs-d-mobile:block;--_gs-mw-mobile:calc(100% - 0 - 0);--_gs-columns:12;--_gs-rows:6\"><div class=\"grids-s-w_i\">\n<div class=\"grids-area\" style=\"--_ga-column:1\/13;--_ga-row:1\/2;--_ga-m-desktop:0 0 0 0;--_ga-p-desktop:0 0 0 0;--_ga-bg-desktop:transparent none;--_ga-zi-desktop:auto;--_ga-d-desktop:flex;--_ga-mw-desktop:calc(100% - 0 - 0);--_ga-m-tablet:0 0 0 0;--_ga-p-tablet:0 0 0 0;--_ga-bg-tablet:transparent none;--_ga-zi-tablet:auto;--_ga-d-tablet:flex;--_ga-mw-tablet:calc(100% - 0 - 0);--_ga-m-mobile:0 0 0 0;--_ga-p-mobile:0 0 0 0;--_ga-bg-mobile:transparent none;--_ga-zi-mobile:auto;--_ga-d-mobile:flex;--_ga-mw-mobile:calc(100% - 0 - 0)\">\n\n<h1 class=\"wp-block-heading has-text-align-left\"><strong><strong><b>Genie\u00dfen Sie exquisite K\u00fcche im Hotel Sole in Riva<\/b><\/strong><\/strong><\/h1>\n\n\n\n<p>Entdecken Sie im Herzen von Riva geschmackvolle Gerichte, die in unserem eleganten Restaurant mit Blick auf den See serviert werden.<\/p>\n\n\n\n<div class=\"wp-block-buttons reviews-button-home is-layout-flex wp-block-buttons-is-layout-flex\">\n<div class=\"wp-block-button has-custom-width wp-block-button__width-50\"><a class=\"wp-block-button__link wp-element-button\" href=\"#erfahren-sie-mehr\">ERFAHREN SIE MEHR<\/a><\/div>\n\n\n\n<div class=\"wp-block-button has-custom-width wp-block-button__width-50\"><a class=\"wp-block-button__link wp-element-button\" href=\"https:\/\/simplebooking.hotelsoleriva.it\/ibe2\/hotel\/5520?lang=DE&amp;cur=EUR\">VERF\u00dcGBARKEIT PR\u00dcFEN<\/a><\/div>\n<\/div>\n\n<\/div>\n<\/div><\/div>\n<\/div>\n<\/div><\/div>\n\n<div  class=\"grids-section welcome-row grids-is-advanced alignwide\" style=\"--_gs-gap-desktop:0px 0px;--_gs-m-desktop:0 0 0 0;--_gs-p-desktop:0 0 0 0;--_gs-bg-desktop:transparent none;--_gs-bg-xp-desktop:0px;--_gs-zi-desktop:auto;--_gs-d-desktop:block;--_gs-mw-desktop:calc(100% - 0 - 0);--_gs-gap-tablet:0px 0px;--_gs-m-tablet:0 0 0 0;--_gs-p-tablet:0 0 0 0;--_gs-bg-tablet:transparent none;--_gs-bg-xp-tablet:0px;--_gs-zi-tablet:auto;--_gs-d-tablet:block;--_gs-mw-tablet:calc(100% - 0 - 0);--_gs-gap-mobile:0px 0px;--_gs-m-mobile:0 0 0 0;--_gs-p-mobile:0 0 0 0;--_gs-bg-mobile:transparent none;--_gs-bg-xp-mobile:0px;--_gs-zi-mobile:auto;--_gs-d-mobile:block;--_gs-mw-mobile:calc(100% - 0 - 0);--_gs-columns:12;--_gs-rows:6\"><div class=\"grids-s-w_i\">\n<div class=\"grids-area\" style=\"--_ga-column:1\/13;--_ga-row:1\/7;--_ga-m-desktop:0 0 0 0;--_ga-p-desktop:0 0 0 0;--_ga-bg-desktop:transparent none;--_ga-zi-desktop:auto;--_ga-d-desktop:flex;--_ga-mw-desktop:calc(100% - 0 - 0);--_ga-m-tablet:0 0 0 0;--_ga-p-tablet:0 0 0 0;--_ga-bg-tablet:transparent none;--_ga-zi-tablet:auto;--_ga-d-tablet:flex;--_ga-mw-tablet:calc(100% - 0 - 0);--_ga-m-mobile:0 0 0 0;--_ga-p-mobile:0 0 0 0;--_ga-bg-mobile:transparent none;--_ga-zi-mobile:auto;--_ga-d-mobile:flex;--_ga-mw-mobile:calc(100% - 0 - 0)\">\n\n<h2 class=\"wp-block-heading has-text-align-center\" id=\"erfahren-sie-mehr\"><b>Kulinarische Erlebnisse mit Blick auf den Lago di Garda<\/b><\/h2>\n\n\n\n<p class=\"has-text-align-center sub-title\">Genie\u00dfen Sie eine vielf\u00e4ltige Auswahl an lokalen Spezialit\u00e4ten, die unsere talentierten K\u00f6che mit frischen Zutaten f\u00fcr Sie kreieren.<\/p>\n\n\n\n<div style=\"height:2px\" aria-hidden=\"true\" class=\"wp-block-spacer\"><\/div>\n\n<\/div>\n<\/div><\/div>\n\n<div  class=\"grids-section four-images-row grids-is-advanced alignwide\" style=\"--_gs-gap-desktop:0px 0px;--_gs-m-desktop:0 0 0 0;--_gs-p-desktop:0 0 0 0;--_gs-bg-desktop:transparent none;--_gs-bg-xp-desktop:0px;--_gs-zi-desktop:1;--_gs-d-desktop:block;--_gs-mw-desktop:calc(100% - 0 - 0);--_gs-gap-tablet:0px 0px;--_gs-m-tablet:0 0 0 0;--_gs-p-tablet:0 0 0 0;--_gs-bg-tablet:transparent none;--_gs-bg-xp-tablet:0px;--_gs-zi-tablet:1;--_gs-d-tablet:block;--_gs-mw-tablet:calc(100% - 0 - 0);--_gs-gap-mobile:0px 0px;--_gs-m-mobile:0 0 0 0;--_gs-p-mobile:0 0 0 0;--_gs-bg-mobile:#ffffff none;--_gs-bg-xp-mobile:0px;--_gs-zi-mobile:1;--_gs-d-mobile:block;--_gs-mw-mobile:calc(100% - 0 - 0);--_gs-columns:12;--_gs-rows:6\"><div class=\"grids-s-w_i\">\n<div class=\"grids-area\" style=\"--_ga-column:1\/7;--_ga-row:1\/7;--_ga-va:center;--_ga-m-desktop:0 15px 0 0;--_ga-p-desktop:0 60px 0 0;--_ga-bg-desktop:transparent none;--_ga-zi-desktop:auto;--_ga-d-desktop:flex;--_ga-mw-desktop:calc(100% - 0 - 15px);--_ga-m-tablet:0 15px 0 0;--_ga-p-tablet:20px 20px 20px 20px;--_ga-bg-tablet:transparent none;--_ga-zi-tablet:auto;--_ga-d-tablet:flex;--_ga-mw-tablet:calc(100% - 0 - 15px);--_ga-m-mobile:0 15px 0 0;--_ga-p-mobile:20px 20px 20px 20px;--_ga-bg-mobile:transparent none;--_ga-zi-mobile:auto;--_ga-d-mobile:flex;--_ga-mw-mobile:calc(100% - 0 - 15px)\">\n\n<h3 class=\"wp-block-heading alignfull has-text-align-left\"><strong><b>Entdecken Sie unsere vielseitigen Genussangebote<\/b><\/strong><\/h3>\n\n\n\n<p>Genie\u00dfen Sie kulinarische Erlebnisse, die Ihre Sinne verzaubern. Ein Restaurant, das die Aromen der Region mit frischen Zutaten kombiniert, ist genau das, was Sie suchen, um unvergessliche Momente zu schaffen.<br><br>Bei uns im Hotel Sole wird gro\u00dfe Wertsch\u00e4tzung auf Qualit\u00e4t gelegt, um Ihnen einen Aufenthalt zu bieten, der unvergesslich bleibt. Entdecken Sie sowohl die perfekte Gastfreundschaft als auch erstklassige Gerichte in einer einladenden Atmosph\u00e4re. <\/p>\n\n\n\n\n\n\n\n<div class=\"wp-block-buttons is-layout-flex wp-block-buttons-is-layout-flex\">\n<div class=\"wp-block-button\"><a class=\"wp-block-button__link wp-element-button\" href=\"https:\/\/simplebooking.hotelsoleriva.it\/ibe2\/hotel\/5520?lang=DE&amp;cur=EUR\">VERF\u00dcGBARKEIT PR\u00dcFEN<\/a><\/div>\n<\/div>\n\n<\/div>\n\n<div class=\"grids-area div-y-stretched\" style=\"--_ga-column:7\/13;--_ga-row:1\/7;--_ga-va:center;--_ga-m-desktop:0 0 0 0;--_ga-p-desktop:0 0 0 0;--_ga-bg-desktop:transparent none;--_ga-zi-desktop:auto;--_ga-d-desktop:flex;--_ga-mw-desktop:calc(100% - 0 - 0);--_ga-m-tablet:0px 0px 0px 0px;--_ga-p-tablet:0px 0px 0px 0px;--_ga-bg-tablet:transparent none;--_ga-zi-tablet:auto;--_ga-d-tablet:flex;--_ga-mw-tablet:calc(100% - 0px - 0px);--_ga-m-mobile:0px 0px 0px 0px;--_ga-p-mobile:0px 0px 0px 0px;--_ga-bg-mobile:transparent none;--_ga-zi-mobile:auto;--_ga-d-mobile:flex;--_ga-mw-mobile:calc(100% - 0px - 0px)\">\n\n<figure class=\"wp-block-image size-full full-width\"><img decoding=\"async\" width=\"1620\" height=\"1080\" src=\"https:\/\/www.hotelsoleriva.it\/wp-content\/uploads\/2026\/02\/Pranzo-con-Vista-sul-Lago-di-Garda.webp\" alt=\"\" class=\"wp-image-6156\" srcset=\"https:\/\/www.hotelsoleriva.it\/wp-content\/uploads\/2026\/02\/Pranzo-con-Vista-sul-Lago-di-Garda.webp 1620w, https:\/\/www.hotelsoleriva.it\/wp-content\/uploads\/2026\/02\/Pranzo-con-Vista-sul-Lago-di-Garda-300x200.webp 300w, https:\/\/www.hotelsoleriva.it\/wp-content\/uploads\/2026\/02\/Pranzo-con-Vista-sul-Lago-di-Garda-1024x683.webp 1024w, https:\/\/www.hotelsoleriva.it\/wp-content\/uploads\/2026\/02\/Pranzo-con-Vista-sul-Lago-di-Garda-768x512.webp 768w, https:\/\/www.hotelsoleriva.it\/wp-content\/uploads\/2026\/02\/Pranzo-con-Vista-sul-Lago-di-Garda-1536x1024.webp 1536w, https:\/\/www.hotelsoleriva.it\/wp-content\/uploads\/2026\/02\/Pranzo-con-Vista-sul-Lago-di-Garda-1200x800.webp 1200w\" sizes=\"(max-width: 1620px) 100vw, 1620px\" \/><\/figure>\n\n<\/div>\n<\/div><\/div>\n\n<div  class=\"grids-section grids-is-advanced alignfull\" style=\"--_gs-gap-desktop:0px 0px;--_gs-m-desktop:0 0 -60px 0;--_gs-p-desktop:100px 0 100px 0;--_gs-bg-desktop:transparent url(https:\/\/www.hotelsoleriva.it\/wp-content\/uploads\/2026\/02\/Una-cena-idilliaca-sul-Lago-di-Garda.webp) no-repeat 50% 100%  \/ cover;--_gs-bg-xp-desktop:0px;--_gs-zi-desktop:auto;--_gs-d-desktop:block;--_gs-mw-desktop:calc(100% - 0 - 0);--_gs-gap-tablet:0px 0px;--_gs-m-tablet:0 0 -60px 0;--_gs-p-tablet:100px 0 100px 0;--_gs-bg-tablet:transparent url(https:\/\/www.hotelsoleriva.it\/wp-content\/uploads\/2026\/02\/Una-cena-idilliaca-sul-Lago-di-Garda.webp) no-repeat 50% 100%  \/ cover;--_gs-bg-xp-tablet:0px;--_gs-zi-tablet:auto;--_gs-d-tablet:block;--_gs-mw-tablet:calc(100% - 0 - 0);--_gs-gap-mobile:0px 0px;--_gs-m-mobile:0 0 -60px 0;--_gs-p-mobile:100px 0 100px 0;--_gs-bg-mobile:transparent url(https:\/\/www.hotelsoleriva.it\/wp-content\/uploads\/2026\/02\/Una-cena-idilliaca-sul-Lago-di-Garda.webp) no-repeat 50% 100%  \/ cover;--_gs-bg-xp-mobile:0px;--_gs-zi-mobile:auto;--_gs-d-mobile:block;--_gs-mw-mobile:calc(100% - 0 - 0);--_gs-columns:12;--_gs-rows:6\"><div class=\"grids-s-w_i\">\n<div class=\"grids-area\" style=\"--_ga-column:7\/12;--_ga-row:2\/3;--_ga-va:center;--_ga-m-desktop:0 0 0 0;--_ga-p-desktop:0 40px 40px 40px;--_ga-bg-desktop:#ffffff none;--_ga-zi-desktop:auto;--_ga-d-desktop:flex;--_ga-mw-desktop:calc(100% - 0 - 0);--_ga-m-tablet:0 0 0 0;--_ga-p-tablet:40px 40px 40px 40px;--_ga-bg-tablet:#ffffff none;--_ga-zi-tablet:auto;--_ga-d-tablet:flex;--_ga-mw-tablet:calc(100% - 0 - 0);--_ga-m-mobile:0 30px 0 30px;--_ga-p-mobile:12px 12px 12px 12px;--_ga-bg-mobile:#ffffff none;--_ga-zi-mobile:auto;--_ga-d-mobile:flex;--_ga-mw-mobile:calc(100% - 30px - 30px)\">\n<div  class=\"grids-section grids-is-advanced\" style=\"--_gs-gap-desktop:0px 0px;--_gs-m-desktop:0 0 0 0;--_gs-p-desktop:0 0 0 0;--_gs-bg-desktop:transparent none;--_gs-bg-xp-desktop:0px;--_gs-zi-desktop:auto;--_gs-d-desktop:block;--_gs-mw-desktop:calc(100% - 0 - 0);--_gs-gap-tablet:0px 0px;--_gs-m-tablet:0 0 0 0;--_gs-p-tablet:0 0 0 0;--_gs-bg-tablet:transparent none;--_gs-bg-xp-tablet:0px;--_gs-zi-tablet:auto;--_gs-d-tablet:block;--_gs-mw-tablet:calc(100% - 0 - 0);--_gs-gap-mobile:0px 0px;--_gs-m-mobile:0 0 0 0;--_gs-p-mobile:20px 20px 20px 20px;--_gs-bg-mobile:transparent none;--_gs-bg-xp-mobile:0px;--_gs-zi-mobile:auto;--_gs-d-mobile:block;--_gs-mw-mobile:calc(100% - 0 - 0);--_gs-columns:12;--_gs-rows:6\"><div class=\"grids-s-w_i\">\n<div class=\"grids-area\" style=\"--_ga-column:1\/13;--_ga-row:1\/2;--_ga-m-desktop:0 0 0 0;--_ga-p-desktop:0 0 0 0;--_ga-bg-desktop:transparent none;--_ga-zi-desktop:auto;--_ga-d-desktop:flex;--_ga-mw-desktop:calc(100% - 0 - 0);--_ga-m-tablet:0 0 0 0;--_ga-p-tablet:0 0 0 0;--_ga-bg-tablet:transparent none;--_ga-zi-tablet:auto;--_ga-d-tablet:flex;--_ga-mw-tablet:calc(100% - 0 - 0);--_ga-m-mobile:0 0 0 0;--_ga-p-mobile:0 0 0 0;--_ga-bg-mobile:transparent none;--_ga-zi-mobile:auto;--_ga-d-mobile:flex;--_ga-mw-mobile:calc(100% - 0 - 0)\">\n\n<h3 class=\"wp-block-heading has-text-align-left\"><strong><strong><b>Vielf\u00e4ltige Kulinarik und lokale Spezialit\u00e4ten<\/b><\/strong><\/strong><\/h3>\n\n\n\n<p>Das Angebot in unserem Restaurant umfasst regionale K\u00f6stlichkeiten, die mit Sorgfalt zubereitet werden. Die elegante Atmosph\u00e4re l\u00e4dt zum Verweilen ein, w\u00e4hrend im <b>Hotel Sole<\/b> stets auf Qualit\u00e4t und Frische geachtet wird.<\/p>\n\n\n\n<div class=\"wp-block-buttons is-layout-flex wp-block-buttons-is-layout-flex\">\n<div class=\"wp-block-button\"><a class=\"wp-block-button__link wp-element-button\" href=\"https:\/\/simplebooking.hotelsoleriva.it\/ibe2\/hotel\/5520?lang=DE&amp;cur=EUR\">VERF\u00dcGBARKEIT PR\u00dcFEN<\/a><\/div>\n<\/div>\n\n<\/div>\n<\/div><\/div>\n<\/div>\n<\/div><\/div>\n\n<div  class=\"grids-section welcome-row grids-is-advanced alignwide\" style=\"--_gs-gap-desktop:0px 0px;--_gs-m-desktop:0 0 0 0;--_gs-p-desktop:60px 0 0 0;--_gs-bg-desktop:transparent none;--_gs-bg-xp-desktop:0px;--_gs-zi-desktop:auto;--_gs-d-desktop:block;--_gs-mw-desktop:calc(100% - 0 - 0);--_gs-gap-tablet:0px 0px;--_gs-m-tablet:0 0 0 0;--_gs-p-tablet:60px 0 0 0;--_gs-bg-tablet:transparent none;--_gs-bg-xp-tablet:0px;--_gs-zi-tablet:auto;--_gs-d-tablet:block;--_gs-mw-tablet:calc(100% - 0 - 0);--_gs-gap-mobile:0px 0px;--_gs-m-mobile:0 0 0 0;--_gs-p-mobile:60px 0 0 0;--_gs-bg-mobile:transparent none;--_gs-bg-xp-mobile:0px;--_gs-zi-mobile:auto;--_gs-d-mobile:block;--_gs-mw-mobile:calc(100% - 0 - 0);--_gs-columns:12;--_gs-rows:6\"><div class=\"grids-s-w_i\">\n<div class=\"grids-area\" style=\"--_ga-column:1\/13;--_ga-row:1\/7;--_ga-m-desktop:0 0 0 0;--_ga-p-desktop:0 0 0 0;--_ga-bg-desktop:transparent none;--_ga-zi-desktop:auto;--_ga-d-desktop:flex;--_ga-mw-desktop:calc(100% - 0 - 0);--_ga-m-tablet:0 0 0 0;--_ga-p-tablet:0 0 0 0;--_ga-bg-tablet:transparent none;--_ga-zi-tablet:auto;--_ga-d-tablet:flex;--_ga-mw-tablet:calc(100% - 0 - 0);--_ga-m-mobile:0 0 0 0;--_ga-p-mobile:0 0 0 0;--_ga-bg-mobile:transparent none;--_ga-zi-mobile:auto;--_ga-d-mobile:flex;--_ga-mw-mobile:calc(100% - 0 - 0)\">\n\n<h2 class=\"wp-block-heading has-text-align-center\">Warum das Hotel Sole Relax &amp; Panorama w\u00e4hlen?<\/h2>\n\n\n\n<p class=\"has-text-align-center sub-title\">In der herzlichen Atmosph\u00e4re unseres Hauses erleben Sie unvergessliche Genussmomente. Das <b>Hotel Sole<\/b> steht f\u00fcr exzellente Gastfreundschaft, die Sie stets willkommen hei\u00dft und h\u00f6chsten Anspr\u00fcchen gerecht wird. Ihr Wohlbefinden liegt uns am Herzen.<\/p>\n\n\n\n<div style=\"height:30px\" aria-hidden=\"true\" class=\"wp-block-spacer\"><\/div>\n\n\n<div  class=\"grids-section grids-is-advanced alignfull\" style=\"--_gs-gap-desktop:0px 0px;--_gs-m-desktop:0 0 0 0;--_gs-p-desktop:0 0 0 0;--_gs-bg-desktop:transparent none;--_gs-bg-xp-desktop:0px;--_gs-zi-desktop:auto;--_gs-d-desktop:block;--_gs-mw-desktop:calc(100% - 0 - 0);--_gs-gap-tablet:0px 0px;--_gs-m-tablet:0 0 0 0;--_gs-p-tablet:0 0 0 0;--_gs-bg-tablet:transparent none;--_gs-bg-xp-tablet:0px;--_gs-zi-tablet:auto;--_gs-d-tablet:block;--_gs-mw-tablet:calc(100% - 0 - 0);--_gs-gap-mobile:0px 0px;--_gs-m-mobile:0 0 0 0;--_gs-p-mobile:0 0 0 0;--_gs-bg-mobile:transparent none;--_gs-bg-xp-mobile:0px;--_gs-zi-mobile:auto;--_gs-d-mobile:block;--_gs-mw-mobile:calc(100% - 0 - 0);--_gs-columns:12;--_gs-rows:6\"><div class=\"grids-s-w_i\">\n<div class=\"grids-area\" style=\"--_ga-column:1\/4;--_ga-row:1\/2;--_ga-m-desktop:0 0 0 0;--_ga-p-desktop:0 0 0 0;--_ga-bg-desktop:transparent none;--_ga-zi-desktop:auto;--_ga-d-desktop:flex;--_ga-mw-desktop:calc(100% - 0 - 0);--_ga-m-tablet:0 0 0 0;--_ga-p-tablet:0 0 0 0;--_ga-bg-tablet:transparent none;--_ga-zi-tablet:auto;--_ga-d-tablet:flex;--_ga-mw-tablet:calc(100% - 0 - 0);--_ga-m-mobile:0 0 0 0;--_ga-p-mobile:0 0 0 0;--_ga-bg-mobile:transparent none;--_ga-zi-mobile:auto;--_ga-d-mobile:flex;--_ga-mw-mobile:calc(100% - 0 - 0)\">\n\n<ul class=\"list-inline\"><i class=\"fa-regular fa-mug-saucer\"><\/i> Fr\u00fchst\u00fcck mit Seeblick\n\n<\/div>\n\n<div class=\"grids-area\" style=\"--_ga-column:4\/7;--_ga-row:1\/2;--_ga-m-desktop:0 0 0 0;--_ga-p-desktop:0 0 0 0;--_ga-bg-desktop:transparent none;--_ga-zi-desktop:auto;--_ga-d-desktop:flex;--_ga-mw-desktop:calc(100% - 0 - 0);--_ga-m-tablet:0 0 0 0;--_ga-p-tablet:0 0 0 0;--_ga-bg-tablet:transparent none;--_ga-zi-tablet:auto;--_ga-d-tablet:flex;--_ga-mw-tablet:calc(100% - 0 - 0);--_ga-m-mobile:0 0 0 0;--_ga-p-mobile:0 0 0 0;--_ga-bg-mobile:transparent none;--_ga-zi-mobile:auto;--_ga-d-mobile:flex;--_ga-mw-mobile:calc(100% - 0 - 0)\">\n\n<ul class=\"list-inline\"><i class=\"fad fa-spa\"><\/i> Privates spa\n\n<\/div>\n\n<div class=\"grids-area\" style=\"--_ga-column:7\/10;--_ga-row:1\/2;--_ga-m-desktop:0 0 0 0;--_ga-p-desktop:0 0 0 0;--_ga-bg-desktop:transparent none;--_ga-zi-desktop:auto;--_ga-d-desktop:flex;--_ga-mw-desktop:calc(100% - 0 - 0);--_ga-m-tablet:0 0 0 0;--_ga-p-tablet:0 0 0 0;--_ga-bg-tablet:transparent none;--_ga-zi-tablet:auto;--_ga-d-tablet:flex;--_ga-mw-tablet:calc(100% - 0 - 0);--_ga-m-mobile:0 0 0 0;--_ga-p-mobile:0 0 0 0;--_ga-bg-mobile:transparent none;--_ga-zi-mobile:auto;--_ga-d-mobile:flex;--_ga-mw-mobile:calc(100% - 0 - 0)\">\n\n<ul class=\"list-inline\"><i class=\"fa-solid fa-water\"><\/i> Direkt am Gardasee\n\n<\/div>\n\n<div class=\"grids-area\" style=\"--_ga-column:10\/13;--_ga-row:1\/2;--_ga-m-desktop:0 0 0 0;--_ga-p-desktop:0 0 0 0;--_ga-bg-desktop:transparent none;--_ga-zi-desktop:auto;--_ga-d-desktop:flex;--_ga-mw-desktop:calc(100% - 0 - 0);--_ga-m-tablet:0 0 0 0;--_ga-p-tablet:0 0 0 0;--_ga-bg-tablet:transparent none;--_ga-zi-tablet:auto;--_ga-d-tablet:flex;--_ga-mw-tablet:calc(100% - 0 - 0);--_ga-m-mobile:0 0 0 0;--_ga-p-mobile:0 0 0 0;--_ga-bg-mobile:transparent none;--_ga-zi-mobile:auto;--_ga-d-mobile:flex;--_ga-mw-mobile:calc(100% - 0 - 0)\">\n\n<ul class=\"list-inline\"><i class=\"fa-solid fa-umbrella-beach\"><\/i> Strand in 200m Entfernung\n\n<\/div>\n<\/div><\/div>\n\n\n<div style=\"height:2px\" aria-hidden=\"true\" class=\"wp-block-spacer\"><\/div>\n\n<\/div>\n<\/div><\/div>\n\n<div  class=\"grids-section grids-is-advanced alignfull\" style=\"--_gs-gap-desktop:0px 0px;--_gs-m-desktop:0px 0 0 0;--_gs-p-desktop:100px 0 100px 0;--_gs-bg-desktop:transparent url(https:\/\/www.hotelsoleriva.it\/wp-content\/uploads\/2026\/02\/Esperienza-culinaria-allaperto-al-Lago-di-Garda.webp) no-repeat 50% 50%  \/ cover;--_gs-bg-xp-desktop:0px;--_gs-zi-desktop:auto;--_gs-d-desktop:block;--_gs-mw-desktop:calc(100% - 0 - 0);--_gs-gap-tablet:0px 0px;--_gs-m-tablet:0px 0 0 0;--_gs-p-tablet:100px 0 100px 0;--_gs-bg-tablet:transparent url(https:\/\/www.hotelsoleriva.it\/wp-content\/uploads\/2026\/02\/Esperienza-culinaria-allaperto-al-Lago-di-Garda.webp) no-repeat 50% 50%  \/ cover;--_gs-bg-xp-tablet:0px;--_gs-zi-tablet:auto;--_gs-d-tablet:block;--_gs-mw-tablet:calc(100% - 0 - 0);--_gs-gap-mobile:0px 0px;--_gs-m-mobile:0px 0 0 0;--_gs-p-mobile:100px 0 100px 0;--_gs-bg-mobile:transparent url(https:\/\/www.hotelsoleriva.it\/wp-content\/uploads\/2026\/02\/Esperienza-culinaria-allaperto-al-Lago-di-Garda.webp) no-repeat 50% 50%  \/ cover;--_gs-bg-xp-mobile:0px;--_gs-zi-mobile:auto;--_gs-d-mobile:block;--_gs-mw-mobile:calc(100% - 0 - 0);--_gs-columns:12;--_gs-rows:6\"><div class=\"grids-s-w_i\">\n<div class=\"grids-area\" style=\"--_ga-column:4\/10;--_ga-row:2\/3;--_ga-va:center;--_ga-m-desktop:0 0 0 0;--_ga-p-desktop:40px 40px 40px 40px;--_ga-bg-desktop:#ffffff none;--_ga-zi-desktop:auto;--_ga-d-desktop:flex;--_ga-mw-desktop:calc(100% - 0 - 0);--_ga-m-tablet:0 0 0 0;--_ga-p-tablet:40px 40px 40px 40px;--_ga-bg-tablet:#ffffff none;--_ga-zi-tablet:auto;--_ga-d-tablet:flex;--_ga-mw-tablet:calc(100% - 0 - 0);--_ga-m-mobile:0 30px 0 30px;--_ga-p-mobile:12px 12px 12px 12px;--_ga-bg-mobile:#ffffff none;--_ga-zi-mobile:auto;--_ga-d-mobile:flex;--_ga-mw-mobile:calc(100% - 30px - 30px)\">\n<div  class=\"grids-section grids-is-advanced\" style=\"--_gs-gap-desktop:0px 0px;--_gs-m-desktop:0 0 0 0;--_gs-p-desktop:0 0 0 0;--_gs-bg-desktop:transparent none;--_gs-bg-xp-desktop:0px;--_gs-zi-desktop:auto;--_gs-d-desktop:block;--_gs-mw-desktop:calc(100% - 0 - 0);--_gs-gap-tablet:0px 0px;--_gs-m-tablet:0 0 0 0;--_gs-p-tablet:0 0 0 0;--_gs-bg-tablet:transparent none;--_gs-bg-xp-tablet:0px;--_gs-zi-tablet:auto;--_gs-d-tablet:block;--_gs-mw-tablet:calc(100% - 0 - 0);--_gs-gap-mobile:0px 0px;--_gs-m-mobile:0 0 0 0;--_gs-p-mobile:20px 20px 20px 20px;--_gs-bg-mobile:transparent none;--_gs-bg-xp-mobile:0px;--_gs-zi-mobile:auto;--_gs-d-mobile:block;--_gs-mw-mobile:calc(100% - 0 - 0);--_gs-columns:12;--_gs-rows:6\"><div class=\"grids-s-w_i\">\n<div class=\"grids-area\" style=\"--_ga-column:1\/13;--_ga-row:1\/2;--_ga-m-desktop:0 0 0 0;--_ga-p-desktop:0 0 0 0;--_ga-bg-desktop:transparent none;--_ga-zi-desktop:auto;--_ga-d-desktop:flex;--_ga-mw-desktop:calc(100% - 0 - 0);--_ga-m-tablet:0 0 0 0;--_ga-p-tablet:0 0 0 0;--_ga-bg-tablet:transparent none;--_ga-zi-tablet:auto;--_ga-d-tablet:flex;--_ga-mw-tablet:calc(100% - 0 - 0);--_ga-m-mobile:0 0 0 0;--_ga-p-mobile:0 0 0 0;--_ga-bg-mobile:transparent none;--_ga-zi-mobile:auto;--_ga-d-mobile:flex;--_ga-mw-mobile:calc(100% - 0 - 0)\">\n\n<h2 class=\"wp-block-heading has-text-align-center\"><strong><strong><strong>Buchen Sie Ihren Aufenthalt im Hotel <strong><strong><strong>Sole Relax<\/strong><\/strong><\/strong> &amp; Panorama<\/strong><\/strong><\/strong><\/h2>\n\n\n\n<p class=\"has-text-align-center\">Pr\u00fcfen Sie die Verf\u00fcgbarkeit und&nbsp;<strong>buchen Sie direkt auf unserer Website<\/strong>, um sich die&nbsp;<strong>besten Preise zu sichern und das Hotel <strong>Sole Relax<\/strong> &amp; Panorama<\/strong>&nbsp;mit der Gewissheit zu erleben, das beste Angebot gew\u00e4hlt zu haben.<\/p>\n\n\n\n<div class=\"wp-block-buttons is-content-justification-center is-layout-flex wp-container-core-buttons-is-layout-16018d1d wp-block-buttons-is-layout-flex\">\n<div class=\"wp-block-button\"><a class=\"wp-block-button__link wp-element-button\" href=\"https:\/\/simplebooking.hotelsoleriva.it\/ibe2\/hotel\/5520?lang=DE&amp;cur=EUR\">VERF\u00dcGBARKEIT PR\u00dcFEN<\/a><\/div>\n<\/div>\n\n<\/div>\n<\/div><\/div>\n<\/div>\n<\/div><\/div>","protected":false},"excerpt":{"rendered":"","protected":false},"author":13,"featured_media":3893,"parent":0,"menu_order":0,"comment_status":"closed","ping_status":"closed","template":"page-not-featured-image.php","meta":{"_acf_changed":false,"advgb_blocks_editor_width":"","advgb_blocks_columns_visual_guide":"","footnotes":""},"class_list":["post-6490","page","type-page","status-publish","has-post-thumbnail","hentry"],"acf":[],"yoast_head":"<!-- This site is optimized with the Yoast SEO plugin v27.4 - https:\/\/yoast.com\/product\/yoast-seo-wordpress\/ -->\n<title>Hotel Sole Riva Restaurant - Hotel Sole<\/title>\n<meta name=\"robots\" content=\"index, follow, max-snippet:-1, max-image-preview:large, max-video-preview:-1\" \/>\n<link rel=\"canonical\" href=\"https:\/\/www.hotelsoleriva.it\/de\/hotel-sole-riva-restaurant\/\" \/>\n<meta property=\"og:locale\" content=\"de_DE\" \/>\n<meta property=\"og:type\" content=\"article\" \/>\n<meta property=\"og:title\" content=\"Hotel Sole Riva Restaurant - Hotel Sole\" \/>\n<meta property=\"og:url\" content=\"https:\/\/www.hotelsoleriva.it\/de\/hotel-sole-riva-restaurant\/\" \/>\n<meta property=\"og:site_name\" content=\"Hotel Sole\" \/>\n<meta property=\"article:modified_time\" content=\"2026-03-03T07:58:27+00:00\" \/>\n<meta property=\"og:image\" content=\"https:\/\/www.hotelsoleriva.it\/wp-content\/uploads\/2023\/05\/banner_offerte.jpg\" \/>\n\t<meta property=\"og:image:width\" content=\"1920\" \/>\n\t<meta property=\"og:image:height\" content=\"1080\" \/>\n\t<meta property=\"og:image:type\" content=\"image\/jpeg\" \/>\n<meta name=\"twitter:card\" content=\"summary_large_image\" \/>\n<meta name=\"twitter:label1\" content=\"Gesch\u00e4tzte Lesezeit\" \/>\n\t<meta name=\"twitter:data1\" content=\"2\u00a0Minuten\" \/>\n<script type=\"application\/ld+json\" class=\"yoast-schema-graph\">{\"@context\":\"https:\\\/\\\/schema.org\",\"@graph\":[{\"@type\":\"WebPage\",\"@id\":\"https:\\\/\\\/www.hotelsoleriva.it\\\/de\\\/hotel-sole-riva-restaurant\\\/\",\"url\":\"https:\\\/\\\/www.hotelsoleriva.it\\\/de\\\/hotel-sole-riva-restaurant\\\/\",\"name\":\"Hotel Sole Riva Restaurant - Hotel Sole\",\"isPartOf\":{\"@id\":\"https:\\\/\\\/www.hotelsoleriva.it\\\/de\\\/#website\"},\"primaryImageOfPage\":{\"@id\":\"https:\\\/\\\/www.hotelsoleriva.it\\\/de\\\/hotel-sole-riva-restaurant\\\/#primaryimage\"},\"image\":{\"@id\":\"https:\\\/\\\/www.hotelsoleriva.it\\\/de\\\/hotel-sole-riva-restaurant\\\/#primaryimage\"},\"thumbnailUrl\":\"https:\\\/\\\/www.hotelsoleriva.it\\\/wp-content\\\/uploads\\\/2023\\\/05\\\/banner_offerte.jpg\",\"datePublished\":\"2026-03-02T16:16:23+00:00\",\"dateModified\":\"2026-03-03T07:58:27+00:00\",\"breadcrumb\":{\"@id\":\"https:\\\/\\\/www.hotelsoleriva.it\\\/de\\\/hotel-sole-riva-restaurant\\\/#breadcrumb\"},\"inLanguage\":\"de\",\"potentialAction\":[{\"@type\":\"ReadAction\",\"target\":[\"https:\\\/\\\/www.hotelsoleriva.it\\\/de\\\/hotel-sole-riva-restaurant\\\/\"]}]},{\"@type\":\"ImageObject\",\"inLanguage\":\"de\",\"@id\":\"https:\\\/\\\/www.hotelsoleriva.it\\\/de\\\/hotel-sole-riva-restaurant\\\/#primaryimage\",\"url\":\"https:\\\/\\\/www.hotelsoleriva.it\\\/wp-content\\\/uploads\\\/2023\\\/05\\\/banner_offerte.jpg\",\"contentUrl\":\"https:\\\/\\\/www.hotelsoleriva.it\\\/wp-content\\\/uploads\\\/2023\\\/05\\\/banner_offerte.jpg\",\"width\":1920,\"height\":1080},{\"@type\":\"BreadcrumbList\",\"@id\":\"https:\\\/\\\/www.hotelsoleriva.it\\\/de\\\/hotel-sole-riva-restaurant\\\/#breadcrumb\",\"itemListElement\":[{\"@type\":\"ListItem\",\"position\":1,\"name\":\"Home\",\"item\":\"https:\\\/\\\/www.hotelsoleriva.it\\\/de\\\/\"},{\"@type\":\"ListItem\",\"position\":2,\"name\":\"Hotel Sole Riva Restaurant\"}]},{\"@type\":\"WebSite\",\"@id\":\"https:\\\/\\\/www.hotelsoleriva.it\\\/de\\\/#website\",\"url\":\"https:\\\/\\\/www.hotelsoleriva.it\\\/de\\\/\",\"name\":\"Hotel Sole\",\"description\":\"Im Zentrum von Riva am Gardasee\",\"publisher\":{\"@id\":\"https:\\\/\\\/www.hotelsoleriva.it\\\/de\\\/#organization\"},\"potentialAction\":[{\"@type\":\"SearchAction\",\"target\":{\"@type\":\"EntryPoint\",\"urlTemplate\":\"https:\\\/\\\/www.hotelsoleriva.it\\\/de\\\/?s={search_term_string}\"},\"query-input\":{\"@type\":\"PropertyValueSpecification\",\"valueRequired\":true,\"valueName\":\"search_term_string\"}}],\"inLanguage\":\"de\"},{\"@type\":\"Organization\",\"@id\":\"https:\\\/\\\/www.hotelsoleriva.it\\\/de\\\/#organization\",\"name\":\"Hotel Sole\",\"url\":\"https:\\\/\\\/www.hotelsoleriva.it\\\/de\\\/\",\"logo\":{\"@type\":\"ImageObject\",\"inLanguage\":\"de\",\"@id\":\"https:\\\/\\\/www.hotelsoleriva.it\\\/de\\\/#\\\/schema\\\/logo\\\/image\\\/\",\"url\":\"https:\\\/\\\/www.hotelsoleriva.it\\\/wp-content\\\/uploads\\\/2024\\\/03\\\/hotel-sole.png\",\"contentUrl\":\"https:\\\/\\\/www.hotelsoleriva.it\\\/wp-content\\\/uploads\\\/2024\\\/03\\\/hotel-sole.png\",\"width\":1200,\"height\":330,\"caption\":\"Hotel Sole\"},\"image\":{\"@id\":\"https:\\\/\\\/www.hotelsoleriva.it\\\/de\\\/#\\\/schema\\\/logo\\\/image\\\/\"}}]}<\/script>\n<!-- \/ Yoast SEO plugin. -->","yoast_head_json":{"title":"Hotel Sole Riva Restaurant - Hotel Sole","robots":{"index":"index","follow":"follow","max-snippet":"max-snippet:-1","max-image-preview":"max-image-preview:large","max-video-preview":"max-video-preview:-1"},"canonical":"https:\/\/www.hotelsoleriva.it\/de\/hotel-sole-riva-restaurant\/","og_locale":"de_DE","og_type":"article","og_title":"Hotel Sole Riva Restaurant - Hotel Sole","og_url":"https:\/\/www.hotelsoleriva.it\/de\/hotel-sole-riva-restaurant\/","og_site_name":"Hotel Sole","article_modified_time":"2026-03-03T07:58:27+00:00","og_image":[{"width":1920,"height":1080,"url":"https:\/\/www.hotelsoleriva.it\/wp-content\/uploads\/2023\/05\/banner_offerte.jpg","type":"image\/jpeg"}],"twitter_card":"summary_large_image","twitter_misc":{"Gesch\u00e4tzte Lesezeit":"2\u00a0Minuten"},"schema":{"@context":"https:\/\/schema.org","@graph":[{"@type":"WebPage","@id":"https:\/\/www.hotelsoleriva.it\/de\/hotel-sole-riva-restaurant\/","url":"https:\/\/www.hotelsoleriva.it\/de\/hotel-sole-riva-restaurant\/","name":"Hotel Sole Riva Restaurant - Hotel Sole","isPartOf":{"@id":"https:\/\/www.hotelsoleriva.it\/de\/#website"},"primaryImageOfPage":{"@id":"https:\/\/www.hotelsoleriva.it\/de\/hotel-sole-riva-restaurant\/#primaryimage"},"image":{"@id":"https:\/\/www.hotelsoleriva.it\/de\/hotel-sole-riva-restaurant\/#primaryimage"},"thumbnailUrl":"https:\/\/www.hotelsoleriva.it\/wp-content\/uploads\/2023\/05\/banner_offerte.jpg","datePublished":"2026-03-02T16:16:23+00:00","dateModified":"2026-03-03T07:58:27+00:00","breadcrumb":{"@id":"https:\/\/www.hotelsoleriva.it\/de\/hotel-sole-riva-restaurant\/#breadcrumb"},"inLanguage":"de","potentialAction":[{"@type":"ReadAction","target":["https:\/\/www.hotelsoleriva.it\/de\/hotel-sole-riva-restaurant\/"]}]},{"@type":"ImageObject","inLanguage":"de","@id":"https:\/\/www.hotelsoleriva.it\/de\/hotel-sole-riva-restaurant\/#primaryimage","url":"https:\/\/www.hotelsoleriva.it\/wp-content\/uploads\/2023\/05\/banner_offerte.jpg","contentUrl":"https:\/\/www.hotelsoleriva.it\/wp-content\/uploads\/2023\/05\/banner_offerte.jpg","width":1920,"height":1080},{"@type":"BreadcrumbList","@id":"https:\/\/www.hotelsoleriva.it\/de\/hotel-sole-riva-restaurant\/#breadcrumb","itemListElement":[{"@type":"ListItem","position":1,"name":"Home","item":"https:\/\/www.hotelsoleriva.it\/de\/"},{"@type":"ListItem","position":2,"name":"Hotel Sole Riva Restaurant"}]},{"@type":"WebSite","@id":"https:\/\/www.hotelsoleriva.it\/de\/#website","url":"https:\/\/www.hotelsoleriva.it\/de\/","name":"Hotel Sole","description":"Im Zentrum von Riva am Gardasee","publisher":{"@id":"https:\/\/www.hotelsoleriva.it\/de\/#organization"},"potentialAction":[{"@type":"SearchAction","target":{"@type":"EntryPoint","urlTemplate":"https:\/\/www.hotelsoleriva.it\/de\/?s={search_term_string}"},"query-input":{"@type":"PropertyValueSpecification","valueRequired":true,"valueName":"search_term_string"}}],"inLanguage":"de"},{"@type":"Organization","@id":"https:\/\/www.hotelsoleriva.it\/de\/#organization","name":"Hotel Sole","url":"https:\/\/www.hotelsoleriva.it\/de\/","logo":{"@type":"ImageObject","inLanguage":"de","@id":"https:\/\/www.hotelsoleriva.it\/de\/#\/schema\/logo\/image\/","url":"https:\/\/www.hotelsoleriva.it\/wp-content\/uploads\/2024\/03\/hotel-sole.png","contentUrl":"https:\/\/www.hotelsoleriva.it\/wp-content\/uploads\/2024\/03\/hotel-sole.png","width":1200,"height":330,"caption":"Hotel Sole"},"image":{"@id":"https:\/\/www.hotelsoleriva.it\/de\/#\/schema\/logo\/image\/"}}]}},"coauthors":[],"author_meta":{"author_link":"https:\/\/www.hotelsoleriva.it\/de\/author\/openrosetta\/","display_name":"Openrosetta"},"relative_dates":{"created":"Posted 2\u00a0Monaten ago","modified":"Updated 2\u00a0Monaten ago"},"absolute_dates":{"created":"Posted on 2 M\u00e4rz 2026","modified":"Updated on 3 M\u00e4rz 2026"},"absolute_dates_time":{"created":"Posted on 2 M\u00e4rz 2026 17:16","modified":"Updated on 3 M\u00e4rz 2026 08:58"},"featured_img_caption":"","featured_img":"https:\/\/www.hotelsoleriva.it\/wp-content\/uploads\/2023\/05\/banner_offerte-1200x675.jpg","series_order":"","_links":{"self":[{"href":"https:\/\/www.hotelsoleriva.it\/de\/wp-json\/wp\/v2\/pages\/6490","targetHints":{"allow":["GET"]}}],"collection":[{"href":"https:\/\/www.hotelsoleriva.it\/de\/wp-json\/wp\/v2\/pages"}],"about":[{"href":"https:\/\/www.hotelsoleriva.it\/de\/wp-json\/wp\/v2\/types\/page"}],"author":[{"embeddable":true,"href":"https:\/\/www.hotelsoleriva.it\/de\/wp-json\/wp\/v2\/users\/13"}],"replies":[{"embeddable":true,"href":"https:\/\/www.hotelsoleriva.it\/de\/wp-json\/wp\/v2\/comments?post=6490"}],"version-history":[{"count":1,"href":"https:\/\/www.hotelsoleriva.it\/de\/wp-json\/wp\/v2\/pages\/6490\/revisions"}],"predecessor-version":[{"id":6531,"href":"https:\/\/www.hotelsoleriva.it\/de\/wp-json\/wp\/v2\/pages\/6490\/revisions\/6531"}],"wp:featuredmedia":[{"embeddable":true,"href":"https:\/\/www.hotelsoleriva.it\/de\/wp-json\/wp\/v2\/media\/3893"}],"wp:attachment":[{"href":"https:\/\/www.hotelsoleriva.it\/de\/wp-json\/wp\/v2\/media?parent=6490"}],"curies":[{"name":"wp","href":"https:\/\/api.w.org\/{rel}","templated":true}]}}